{"id":2275,"date":"2019-03-25T18:48:40","date_gmt":"2019-03-25T17:48:40","guid":{"rendered":"http:\/\/www.volksbanken-laufcup.de\/?page_id=2275"},"modified":"2019-03-30T09:34:57","modified_gmt":"2019-03-30T08:34:57","slug":"laufkalender-2019-2020","status":"publish","type":"page","link":"https:\/\/www.volksbanken-laufcup.de\/?page_id=2275","title":{"rendered":"Laufkalender 2019\/2020"},"content":{"rendered":"\n<p><a href=\"http:\/\/www.volksbanken-laufcup.de\/?page_id=1688\">Laufkalender 2018\/2019<\/a><\/p>\n\n\n\n\n<table id=\"tablepress-258\" class=\"tablepress tablepress-id-258\">\n<thead>\n<tr class=\"row-1\">\n\t<th class=\"column-1\">Veranstaltung<\/th><th class=\"column-2\">Veranstalter<\/th><th class=\"column-3\">Strecken(Km)<\/th><th class=\"column-4\">Datum<\/th>\n<\/tr>\n<\/thead>\n<tbody class=\"row-striping row-hover\">\n<tr class=\"row-2\">\n\t<td class=\"column-1\">3. VOBA SUMMER RUN - 1. Lauf der neuen Serie Volksbanken Laufcup und Abschlussveranstaltung<\/td><td class=\"column-2\"><a href=\"https:\/\/erfundaus.de\/links\/?veranstaltung=17&amp;url=anmelden \" target=\"_blank\" rel=\"noopener noreferrer\">\tVolksbanken im Kreis Vechta<\/a><\/td><td class=\"column-3\">5\/10\/21,1<\/td><td class=\"column-4\">19.05.2019<\/td>\n<\/tr>\n<tr class=\"row-3\">\n\t<td class=\"column-1\">Handorf-Langenberg<\/td><td class=\"column-2\"><a href=\"http:\/\/www.sv-handorf-langenberg.de\" target=\"_blank\" rel=\"noopener noreferrer\">SV Handorf-Langenberg<\/a><\/td><td class=\"column-3\">3,5\/5\/10<\/td><td class=\"column-4\">21.07.2019<\/td>\n<\/tr>\n<tr class=\"row-4\">\n\t<td class=\"column-1\">Brockdorfer Volkslauf<\/td><td class=\"column-2\"><a href=\"https:\/\/www.gw-brockdorf.de\" target=\"_blank\" rel=\"noopener noreferrer\">GW Brockorf<\/a><\/td><td class=\"column-3\">5\/10<\/td><td class=\"column-4\">26.07.2019<\/td>\n<\/tr>\n<tr class=\"row-5\">\n\t<td class=\"column-1\">Steinfelder Sommerlauf<\/td><td class=\"column-2\"><a href=\"https:\/\/www.laufen-os.de\" target=\"_blank\" rel=\"noopener noreferrer\">Gemeinde Steinfeld<\/a><\/td><td class=\"column-3\">5\/10<\/td><td class=\"column-4\">02.08.2019<\/td>\n<\/tr>\n<tr class=\"row-6\">\n\t<td class=\"column-1\">Dammer Stadtlauf<\/td><td class=\"column-2\"><a href=\"http:\/\/www.osc-damme.de\" target=\"_blank\" rel=\"noopener noreferrer\">OSC Damme e.V.<\/a><\/td><td class=\"column-3\">3,3\/10<\/td><td class=\"column-4\">16.08.2019<\/td>\n<\/tr>\n<tr class=\"row-7\">\n\t<td class=\"column-1\">Goldenstedt, Moormarathon<\/td><td class=\"column-2\"><a href=\"http:\/\/www.moormarathon.de\" target=\"_blank\">F\u00f6rderverein Gold. Moor e.V.<\/a><\/td><td class=\"column-3\">3,0 Sch\u00fcler\/9,3\/21,1<\/td><td class=\"column-4\">25.08.2019<\/td>\n<\/tr>\n<tr class=\"row-8\">\n\t<td class=\"column-1\">D\u00fcmmerlauf<\/td><td class=\"column-2\"><a href=\"http:\/\/sw-osterfeine.de\" target=\"_blank\" rel=\"noopener noreferrer\">SW Osterfeine<\/a><\/td><td class=\"column-3\">6,6\/10\/18<\/td><td class=\"column-4\">03.10.2019<\/td>\n<\/tr>\n<tr class=\"row-9\">\n\t<td class=\"column-1\">Dammer Crosslauf<\/td><td class=\"column-2\"><a href=\"http:\/\/www.osc-damme.de\" target=\"_blank\" rel=\"noopener noreferrer\">OSC Damme e.V.<\/a><\/td><td class=\"column-3\">4,7\/10<\/td><td class=\"column-4\">17.11.2019<\/td>\n<\/tr>\n<tr class=\"row-10\">\n\t<td class=\"column-1\">Dinklager Adventslauf<\/td><td class=\"column-2\"><a href=\"http:\/\/www.lauftreff-dinklage.de\/\" target=\"_blank\" rel=\"noopener noreferrer\">Burgl\u00e4ufer Dinklage<\/a><\/td><td class=\"column-3\">5,5\/11<\/td><td class=\"column-4\">01.12.2019<\/td>\n<\/tr>\n<tr class=\"row-11\">\n\t<td class=\"column-1\">Silvesterlauf M\u00fchlen<\/td><td class=\"column-2\"><a href=\"http:\/\/www.gw-muehlen.de\/\" target=\"_blank\" rel=\"noopener noreferrer\">Gr\u00fcn Wei\u00df M\u00fchlen e.V.<\/a><\/td><td class=\"column-3\">3\/6\/10<\/td><td class=\"column-4\">31.12.2019<\/td>\n<\/tr>\n<tr class=\"row-12\">\n\t<td class=\"column-1\">Langf\u00f6rden<\/td><td class=\"column-2\"><a href=\"http:\/\/www.svbw-langfoerden.de\/home.html\" target=\"_blank\" rel=\"noopener noreferrer\">SW BW Langf\u00f6rden e.V.<\/a><\/td><td class=\"column-3\">6\/11\/21,1<\/td><td class=\"column-4\">11.01.2020<\/td>\n<\/tr>\n<tr class=\"row-13\">\n\t<td class=\"column-1\">Vechta - Abschluss-<br \/>\nVeranstaltung<\/td><td class=\"column-2\"><\/td><td class=\"column-3\"><\/td><td class=\"column-4\">Fr\u00fchjahr 2020<\/td>\n<\/tr>\n<\/tbody>\n<\/table>\n<!-- #tablepress-258 from cache -->\n","protected":false},"excerpt":{"rendered":"<p>Laufkalender 2018\/2019<\/p>\n","protected":false},"author":4,"featured_media":0,"parent":0,"menu_order":0,"comment_status":"closed","ping_status":"closed","template":"","meta":{"footnotes":""},"_links":{"self":[{"href":"https:\/\/www.volksbanken-laufcup.de\/index.php?rest_route=\/wp\/v2\/pages\/2275"}],"collection":[{"href":"https:\/\/www.volksbanken-laufcup.de\/index.php?rest_route=\/wp\/v2\/pages"}],"about":[{"href":"https:\/\/www.volksbanken-laufcup.de\/index.php?rest_route=\/wp\/v2\/types\/page"}],"author":[{"embeddable":true,"href":"https:\/\/www.volksbanken-laufcup.de\/index.php?rest_route=\/wp\/v2\/users\/4"}],"replies":[{"embeddable":true,"href":"https:\/\/www.volksbanken-laufcup.de\/index.php?rest_route=%2Fwp%2Fv2%2Fcomments&post=2275"}],"version-history":[{"count":4,"href":"https:\/\/www.volksbanken-laufcup.de\/index.php?rest_route=\/wp\/v2\/pages\/2275\/revisions"}],"predecessor-version":[{"id":2285,"href":"https:\/\/www.volksbanken-laufcup.de\/index.php?rest_route=\/wp\/v2\/pages\/2275\/revisions\/2285"}],"wp:attachment":[{"href":"https:\/\/www.volksbanken-laufcup.de\/index.php?rest_route=%2Fwp%2Fv2%2Fmedia&parent=2275"}],"curies":[{"name":"wp","href":"https:\/\/api.w.org\/{rel}","templated":true}]}}